{"version":"1.0","provider_name":"50-en t\u00fal is N\u0150","provider_url":"https:\/\/50entulisno.cafeblog.hu","author_name":"50en t\u00fal is N\u0150","author_url":"https:\/\/50entulisno.cafeblog.hu\/author\/50en_tul_is_no\/","title":"Magamr\u00f3l kicsit","html":"<p>Kozmetikus vagyok m\u00e1r lassan<strong> 30 \u00e9ve<\/strong>, n\u0151kkel, n\u0151k k\u00f6zt dolgozom nap, mint nap. Nagyon j\u00f3l ismerem a n\u0151i lelket, \u00e9leteket. Sok visszat\u00e9r\u0151 vend\u00e9gem van, akik szinte m\u00e1r bar\u00e1tn\u0151im is. Velem egy\u00fctt \u00e9lt\u00e9k meg a 30-as, 40-es most 50 k\u00f6r\u00fcli \u00e9veket.<\/p>\r\n<p><img class=\"alignnone  wp-image-36\" src=\"https:\/\/50entulisno.cafeblog.hu\/files\/2017\/06\/14915432_1179260562110294_3352698900505299305_n.jpg\" alt=\"\" width=\"386\" height=\"386\" \/><\/p>\r\n<p>Teljesen m\u00e1s volt frissen kiker\u00fclve az iskol\u00e1b\u00f3l dolgozni egy 50 k\u00f6r\u00fcli n\u0151 arc\u00e1n. Idegen volt az \u00e9rint\u00e9se, hiszen teljesen m\u00e1s a b\u0151r tapint\u00e1sa \u00e1llaga mint egy 20 \u00e9ves\u00e9. Mindig is im\u00e1dtam szakm\u00e1mat, az embereket, \u00e9s azt, hogy nem csak az arcukat sz\u00e9p\u00edtettem, hanem a lelk\u00fcket is megismertem.<\/p>\r\n<p>A mai vil\u00e1gban minden a p\u00e9nzr\u0151l \u00e9s a fiatals\u00e1gr\u00f3l sz\u00f3l. DE engedtess\u00e9k meg nekem, le\u00edrnom nem csak a 20 \u00e9vesek\u00e9 a vil\u00e1g!<\/p>\r\n<p>Hiszen egy 50-es n\u0151 be\u00e9rkezett, megvan az anyagi alapja, lak\u00e1s, kocsi, im\u00e1dott gyerekei, esetleg unok\u00e1k is. Talpra \u00e1lltunk milli\u00f3szor nap nap ut\u00e1n. Az \u00f6tven \u00e9ves kor\u00e1ra egy n\u0151t sokfel\u0151l megpr\u00f3b\u00e1l az\u00a0 \u00e9let, ezt mutatja az arcb\u0151r\u00fcnk, a szem\u00fcnk, a hajunk \u00e1llapota. Legt\u00f6bben feladj\u00e1k feladj\u00e1k ekkorra, hogy j\u00f3l \u00e9rezz\u00e9k magukat, ha t\u00fck\u00f6rbe n\u00e9znek.<\/p>\r\n<p>Pedig, van m\u00e9g rengeteg id\u0151nk \u00e9lni, j\u00f3l \u00e9lni, nem versenyezve a fiatalabbakkal, hiszen a mi er\u0151nk a meg\u00e9lt tapasztalatok,az \u00faj \u00e9lm\u00e9nyek keres\u00e9se ehhez kedves bar\u00e1tn\u0151im a k\u00fcls\u0151nket is alak\u00edtsuk hozz\u00e1!<\/p>","type":"rich","thumbnail_url":"https:\/\/50entulisno.cafeblog.hu\/files\/2017\/06\/14915432_1179260562110294_3352698900505299305_n-150x150.jpg","thumbnail_width":150,"thumbnail_height":150}